{"id":14,"date":"2025-08-30T19:13:27","date_gmt":"2025-08-30T17:13:27","guid":{"rendered":"https:\/\/guigotsu.com\/jalmavev3\/?page_id=14"},"modified":"2025-08-30T20:40:15","modified_gmt":"2025-08-30T18:40:15","slug":"accompagner-le-deuil","status":"publish","type":"page","link":"http:\/\/jalmalv-estvar.fr\/?page_id=14","title":{"rendered":"Accompagner le deuil"},"content":{"rendered":"\n<p><\/p>\n\n\n\n<p><strong>\u25ba&nbsp;ACCOMPAGNER&nbsp;les personnes en fin de vie, \u00e2g\u00e9es ou gravement malades \u00e0 l\u2019h\u00f4pital, en<\/strong><br><strong>institution ou \u00e0 domicile&nbsp;;<\/strong><\/p>\n\n\n\n<p><br><strong>\u25ba&nbsp;SOUTENIR&nbsp;les familles, les soignants, les proches, les personnes en deuil&nbsp;;<\/strong><\/p>\n\n\n\n<p><br><strong>\u25ba&nbsp;CHANGER&nbsp;le regard de la soci\u00e9t\u00e9 sur la vieillesse, la mort, le deuil&nbsp;;<\/strong><\/p>\n\n\n\n<p><br><strong>\u25ba&nbsp;FAVORISER&nbsp;le d\u00e9veloppement des soins palliatifs, encourager et favoriser la cr\u00e9ation de<\/strong><br><strong>lieux, de structures et susciter toutes initiatives permettant des soins appropri\u00e9s \u00e0 l\u2019h\u00f4pital<\/strong><br><strong>comme \u00e0 domicile ;<\/strong><\/p>\n\n\n\n<p><br><strong>\u25ba&nbsp;CONTRIBUER&nbsp;\u00e0 faire \u00e9voluer les attitudes face \u00e0 la maladie et \u00e0 la mort&nbsp;dans les<\/strong><br><strong>\u00e9tablissements de sant\u00e9 ;<\/strong><\/p>\n\n\n\n<p class=\"has-medium-font-size\"><br><strong>\u25ba\u00a0PARTICIPER\u00a0de fa\u00e7on citoyenne au respect des droits des patients dans les \u00e9tablissements de<\/strong><br><strong>sant\u00e9.<\/strong><br><br><br><br><strong>Quelles sont nos valeurs ?<\/strong><\/p>\n\n\n\n<p><strong>JALMALV<\/strong>&nbsp;est un mouvement associatif la\u00efc, sans appartenance confessionnelle, politique ou philosophique, ouvert \u00e0 des personnes venant de tous les horizons et partageant ces valeurs.<\/p>\n\n\n\n<p><strong>Nos trois valeurs fondamentales&nbsp;:<\/strong><\/p>\n\n\n\n<p>&nbsp;<strong>\u25ba&nbsp;<\/strong><strong>LA DIGNIT\u00c9<\/strong><\/p>\n\n\n\n<p>Elle est d\u00e9finie dans la d\u00e9claration universelle des Droits de l\u2019Homme du 10 d\u00e9cembre 1948<\/p>\n\n\n\n<p>(Article 1) : la dignit\u00e9 est inh\u00e9rente \u00e0 la personne humaine et elle est inali\u00e9nable.<\/p>\n\n\n\n<p>Elle ne d\u00e9pend pas de son \u00e9tat physique ou moral, ni de sa situation sociale.<\/p>\n\n\n\n<p>Dans certaines circonstances, particuli\u00e8rement difficiles, la personne malade peut \u00e9prouver un sentiment de d\u00e9gradation, voire de d\u00e9ch\u00e9ance et douter de sa propre dignit\u00e9. Les conditions de vie et de soin qui lui sont alors propos\u00e9es, le regard de l\u2019autre, sont essentiels pour respecter sa dignit\u00e9, pour la confirmer.<\/p>\n\n\n\n<p>&nbsp;<strong>\u25ba&nbsp;<\/strong><strong>LE RESPECT DE LA VIE<\/strong><\/p>\n\n\n\n<p>JALMALV \u0153uvre au d\u00e9veloppement des soins palliatifs et de l\u2019accompagnement parce qu\u2019ils offrent aux personnes malades, aux proches et aux soignants une alternative \u00e0 une question \u00e9thique que l\u2019euthanasie laisse sans r\u00e9ponse.<\/p>\n\n\n\n<p>Pour nous, l\u2019accompagnement et les soins palliatifs permettent \u00e0 la personne malade et \u00e0 ses proches de vivre la fin de la vie sans avoir ni \u00e0 en h\u00e2ter la fin, ni \u00e0 la prolonger par une obstination d\u00e9raisonnable.<\/p>\n\n\n\n<p><strong>\u25ba&nbsp;<\/strong>&nbsp;<strong>LA SOLIDARIT\u00c9<\/strong><\/p>\n\n\n\n<p>Exister, c\u2019est \u00eatre en lien.<\/p>\n\n\n\n<p>Le b\u00e9n\u00e9vole repr\u00e9sente la soci\u00e9t\u00e9. Il \u00e9tablit un lien de solidarit\u00e9 avec la personne qu\u2019il accompagne.<\/p>\n\n\n\n<p>Accompagner, c\u2019est s\u2019engager comme \u00eatre humain envers un autre \u00eatre humain. Cette relation se vit dans une r\u00e9ciprocit\u00e9 et un enrichissement mutuel. Elle contribue \u00e0 d\u00e9velopper en chacun son humanit\u00e9.<\/p>\n\n\n\n<p>Pour JALMALV, il est n\u00e9cessaire de sensibiliser tous les membres de la soci\u00e9t\u00e9 pour faire \u00e9voluer les mentalit\u00e9s et les attitudes face \u00e0 la maladie grave, au grand \u00e2ge et \u00e0 la mort. Changer notre regard, parler de ces questions permet de d\u00e9velopper les solidarit\u00e9s autour de celui qui va mourir et soutient chacun dans sa place d\u2019accompagnant naturel. La mort doit retrouver sa juste place, l\u2019accompagnement t\u00e9moigne d\u2019une d\u00e9marche citoyenne de solidarit\u00e9.<\/p>\n\n\n\n<p>La mort est un \u00e9v\u00e9nement social qui fait partie de la vie.<\/p>\n","protected":false},"excerpt":{"rendered":"<p>\u25ba&nbsp;ACCOMPAGNER&nbsp;les personnes en fin de vie, \u00e2g\u00e9es ou gravement malades \u00e0 l\u2019h\u00f4pital, eninstitution ou \u00e0 domicile&nbsp;; \u25ba&nbsp;SOUTENIR&nbsp;les familles, les soignants, les proches, les personnes en deuil&nbsp;; \u25ba&nbsp;CHANGER&nbsp;le regard de la soci\u00e9t\u00e9 sur la vieillesse, la mort, le deuil&nbsp;; \u25ba&nbsp;FAVORISER&nbsp;le d\u00e9veloppement des soins palliatifs, encourager et favoriser la cr\u00e9ation delieux, de structures et susciter toutes initiatives permettant des soins appropri\u00e9s \u00e0 l\u2019h\u00f4pitalcomme \u00e0 domicile ; \u25ba&nbsp;CONTRIBUER&nbsp;\u00e0 faire \u00e9voluer les attitudes face \u00e0 la maladie et \u00e0 la mort&nbsp;dans les\u00e9tablissements de sant\u00e9&#8230;<\/p>\n<p class=\"read-more\"><a class=\"btn btn-default\" href=\"http:\/\/jalmalv-estvar.fr\/?page_id=14\">Lire la suite<span class=\"screen-reader-text\"> Lire la suite<\/span><\/a><\/p>\n","protected":false},"author":1,"featured_media":0,"parent":0,"menu_order":0,"comment_status":"closed","ping_status":"closed","template":"","meta":{"footnotes":""},"class_list":["post-14","page","type-page","status-publish","hentry"],"_links":{"self":[{"href":"http:\/\/jalmalv-estvar.fr\/index.php?rest_route=\/wp\/v2\/pages\/14","targetHints":{"allow":["GET"]}}],"collection":[{"href":"http:\/\/jalmalv-estvar.fr\/index.php?rest_route=\/wp\/v2\/pages"}],"about":[{"href":"http:\/\/jalmalv-estvar.fr\/index.php?rest_route=\/wp\/v2\/types\/page"}],"author":[{"embeddable":true,"href":"http:\/\/jalmalv-estvar.fr\/index.php?rest_route=\/wp\/v2\/users\/1"}],"replies":[{"embeddable":true,"href":"http:\/\/jalmalv-estvar.fr\/index.php?rest_route=%2Fwp%2Fv2%2Fcomments&post=14"}],"version-history":[{"count":2,"href":"http:\/\/jalmalv-estvar.fr\/index.php?rest_route=\/wp\/v2\/pages\/14\/revisions"}],"predecessor-version":[{"id":95,"href":"http:\/\/jalmalv-estvar.fr\/index.php?rest_route=\/wp\/v2\/pages\/14\/revisions\/95"}],"wp:attachment":[{"href":"http:\/\/jalmalv-estvar.fr\/index.php?rest_route=%2Fwp%2Fv2%2Fmedia&parent=14"}],"curies":[{"name":"wp","href":"https:\/\/api.w.org\/{rel}","templated":true}]}}