{"id":6,"date":"2025-08-30T19:11:20","date_gmt":"2025-08-30T17:11:20","guid":{"rendered":"https:\/\/guigotsu.com\/jalmavev3\/?page_id=6"},"modified":"2026-04-11T16:43:56","modified_gmt":"2026-04-11T14:43:56","slug":"accueil","status":"publish","type":"page","link":"http:\/\/jalmalv-estvar.fr\/","title":{"rendered":"JALMALV EST-VAR"},"content":{"rendered":"\n<p><strong>NOTRE DOMAINE D&rsquo;ACTION<\/strong><\/p>\n\n\n\n<p>JALMALV EST-VAR est une association loi de 1901, reconnue d&rsquo;utilit\u00e9 publique,&nbsp; cr\u00e9\u00e9e en 1991.<\/p>\n\n\n\n<p>Son but est l&rsquo;accompagnement, l\u00e0 o\u00f9 elles se trouvent, des personnes gravement malades , des personnes \u00e2g\u00e9es fragilis\u00e9es et celles en fin de vie ainsi que leurs proches, par des b\u00e9n\u00e9voles form\u00e9s \u00e0 la pr\u00e9sence et \u00e0 l\u2019\u00e9coute bienveillante.<\/p>\n\n\n\n<p>L&rsquo;association soutient aussi les personnes en deuil.<\/p>\n\n\n\n<p>Les b\u00e9n\u00e9voles interviennent \u00e0 la demande d\u2019une \u00e9quipe m\u00e9dicale dans le cadre d&rsquo;une convention \u00e9crite entre l&rsquo;\u00e9tablissement de soins et l&rsquo;association, mais \u00e9galement \u00e0 domicile via les r\u00e9seaux de soins palliatifs.<br><br>Nous consid\u00e9rons que toute personne gravement malade ou en fin de vie, est&nbsp; une personne \u00e0 part enti\u00e8re, vivante&nbsp; et digne jusqu&rsquo;\u00e0 son dernier souffle.<\/p>\n\n\n\n<p>Nos valeurs fondamentales sont&nbsp;: le respect de la vie, la solidarit\u00e9, la dignit\u00e9.<\/p>\n\n\n\n<p>JALMALV Est-Var est une association apolitique et non confessionnelle.<br><br>JALMALV-Est Var est membre de la F\u00e9d\u00e9ration JALMALV.<\/p>\n\n\n\n<div class=\"wp-block-media-text is-stacked-on-mobile\" style=\"grid-template-columns:15% auto\"><figure class=\"wp-block-media-text__media\"><img fetchpriority=\"high\" decoding=\"async\" width=\"583\" height=\"636\" src=\"https:\/\/guigotsu.com\/jalmavev3\/wp-content\/uploads\/2025\/08\/volunteers-2729696_1920-1024x683-1-1.avif\" alt=\"\" class=\"wp-image-87 size-full\"\/><\/figure><div class=\"wp-block-media-text__content\">\n<p class=\"has-text-color has-link-color wp-elements-fd14b76b751cf315ab0138f362beb654\" style=\"color:#4fa758\"><strong>Ecouter l&rsquo;autre, c&rsquo;est lui pr\u00eater son oreille pour qu&rsquo;il s&rsquo;entende mieux&#8230;<\/strong><\/p>\n<\/div><\/div>\n\n\n\n<div class=\"wp-block-group\"><div class=\"wp-block-group__inner-container is-layout-constrained wp-block-group-is-layout-constrained\">\n<p class=\"has-text-align-right\">Une pr\u00e9sence dans tout l&rsquo;Est-Var :<\/p>\n\n\n\t\t<div\n            id=\"wpmapblock_ef795929\"\n            data-settings='{&quot;map_marker&quot;:[{&quot;id&quot;:&quot;0&quot;,&quot;lat&quot;:&quot;43.4255303&quot;,&quot;lng&quot;:&quot;6.7694244&quot;,&quot;title&quot;:&quot;Saint-Rapha\\u00ebl&quot;,&quot;content&quot;:&quot;&quot;,&quot;iconType&quot;:&quot;custom&quot;,&quot;customIconUrl&quot;:&quot;https:\\\/\\\/guigotsu.com\\\/jalmavev3\\\/wp-content\\\/uploads\\\/2025\\\/09\\\/picto-seul.png&quot;,&quot;customIconWidth&quot;:&quot;54&quot;,&quot;customIconHeight&quot;:&quot;73&quot;},{&quot;id&quot;:&quot;1&quot;,&quot;lat&quot;:&quot;43.4330308&quot;,&quot;lng&quot;:&quot;6.7360182&quot;,&quot;title&quot;:&quot;Fr\\u00e9jus&quot;,&quot;content&quot;:&quot;&quot;,&quot;iconType&quot;:&quot;custom&quot;,&quot;customIconUrl&quot;:&quot;https:\\\/\\\/guigotsu.com\\\/jalmavev3\\\/wp-content\\\/uploads\\\/2025\\\/09\\\/picto-seul.png&quot;,&quot;customIconWidth&quot;:&quot;54&quot;,&quot;customIconHeight&quot;:&quot;73&quot;},{&quot;id&quot;:&quot;2&quot;,&quot;lat&quot;:&quot;43.3087100&quot;,&quot;lng&quot;:&quot;6.6377140&quot;,&quot;title&quot;:&quot;Sainte-Maxime&quot;,&quot;content&quot;:&quot;&quot;,&quot;iconType&quot;:&quot;custom&quot;,&quot;customIconUrl&quot;:&quot;https:\\\/\\\/guigotsu.com\\\/jalmavev3\\\/wp-content\\\/uploads\\\/2025\\\/09\\\/picto-seul.png&quot;,&quot;customIconWidth&quot;:&quot;50&quot;,&quot;customIconHeight&quot;:&quot;72&quot;},{&quot;id&quot;:&quot;3&quot;,&quot;lat&quot;:&quot;43.5374662&quot;,&quot;lng&quot;:&quot;6.4627333&quot;,&quot;title&quot;:&quot;Draguignan&quot;,&quot;content&quot;:&quot;&quot;,&quot;iconType&quot;:&quot;custom&quot;,&quot;customIconUrl&quot;:&quot;https:\\\/\\\/guigotsu.com\\\/jalmavev3\\\/wp-content\\\/uploads\\\/2025\\\/09\\\/picto-seul.png&quot;,&quot;customIconWidth&quot;:&quot;54&quot;,&quot;customIconHeight&quot;:&quot;73&quot;},{&quot;id&quot;:&quot;4&quot;,&quot;lat&quot;:&quot;43.3024397&quot;,&quot;lng&quot;:&quot;6.3313686&quot;,&quot;title&quot;:&quot;Roquebrune&quot;,&quot;content&quot;:&quot;&quot;,&quot;iconType&quot;:&quot;custom&quot;,&quot;customIconUrl&quot;:&quot;https:\\\/\\\/guigotsu.com\\\/jalmavev3\\\/wp-content\\\/uploads\\\/2025\\\/09\\\/picto-seul.png&quot;,&quot;customIconWidth&quot;:&quot;54&quot;,&quot;customIconHeight&quot;:&quot;73&quot;}],&quot;map_zoom&quot;:10,&quot;scroll_wheel_zoom&quot;:false,&quot;map_type&quot;:&quot;GM&quot;,&quot;center_index&quot;:0}'\n            class=\"wpmapblockrender\"\n            style=\"\n\t\t\twidth: 100%;\n\t\t\theight: 500px;\n\t\t\"\n            >\n        <\/div>\n        <\/div><\/div>\n\n\n\n<h2 class=\"wp-block-heading has-text-align-center\"><strong>T\u00e9moignages<\/strong><\/h2>\n\n\n\n<figure class=\"wp-block-embed is-type-video is-provider-youtube wp-block-embed-youtube wp-embed-aspect-16-9 wp-has-aspect-ratio\"><div class=\"wp-block-embed__wrapper\">\n<iframe title=\"Reportage de France 3 Baie de Seine (d\u00e9cembre 2023)\" width=\"640\" height=\"360\" src=\"https:\/\/www.youtube.com\/embed\/RYrPeH61VuE?feature=oembed\" frameborder=\"0\" allow=\"accelerometer; autoplay; clipboard-write; encrypted-media; gyroscope; picture-in-picture; web-share\" referrerpolicy=\"strict-origin-when-cross-origin\" allowfullscreen><\/iframe>\n<\/div><\/figure>\n\n\n<ul class=\"wp-block-latest-posts__list wp-block-latest-posts\"><li><a class=\"wp-block-latest-posts__post-title\" href=\"http:\/\/jalmalv-estvar.fr\/?p=22\">En quelques chiffres :<\/a><div class=\"wp-block-latest-posts__post-full-content\"><!-- wp:group {\"layout\":{\"type\":\"flex\",\"flexWrap\":\"nowrap\"}} -->\n<div class=\"wp-block-group\"><!-- wp:table -->\n<figure class=\"wp-block-table\"><table class=\"has-fixed-layout\"><tbody><tr><td>Ann\u00e9es<\/td><td class=\"has-text-align-center\" data-align=\"center\">Jours de Pr\u00e9sence<\/td><td class=\"has-text-align-center\" data-align=\"center\">Personnes accompagn\u00e9es<\/td><td class=\"has-text-align-center\" data-align=\"center\">Heures de pr\u00e9sence<\/td><\/tr><tr><td>Ann\u00e9e 2024<\/td><td class=\"has-text-align-center\" data-align=\"center\">1051<\/td><td class=\"has-text-align-center\" data-align=\"center\">4422<\/td><td class=\"has-text-align-center\" data-align=\"center\">2700<\/td><\/tr><tr><td>Ann\u00e9e 2025<\/td><td class=\"has-text-align-center\" data-align=\"center\">960<\/td><td class=\"has-text-align-center\" data-align=\"center\">5216<\/td><td class=\"has-text-align-center\" data-align=\"center\">2564<\/td><\/tr><tr><td>1er Trimestre 2026<\/td><td class=\"has-text-align-center\" data-align=\"center\">204<\/td><td class=\"has-text-align-center\" data-align=\"center\">286<\/td><td class=\"has-text-align-center\" data-align=\"center\">510<\/td><\/tr><tr><td><\/td><td class=\"has-text-align-center\" data-align=\"center\"><\/td><td class=\"has-text-align-center\" data-align=\"center\"><\/td><td class=\"has-text-align-center\" data-align=\"center\"><\/td><\/tr><tr><td><\/td><td class=\"has-text-align-center\" data-align=\"center\"><\/td><td class=\"has-text-align-center\" data-align=\"center\"><\/td><td class=\"has-text-align-center\" data-align=\"center\"><\/td><\/tr><\/tbody><\/table><\/figure>\n<!-- \/wp:table --><\/div>\n<!-- \/wp:group -->\n\n<!-- wp:paragraph -->\n<p><\/p>\n<!-- \/wp:paragraph --><\/div><\/li>\n<\/ul>\n\n\n<h2 class=\"wp-block-heading has-text-align-center\"><strong>Derni\u00e8res Actualit\u00e9s<\/strong><\/h2>\n\n\n<ul class=\"wp-block-latest-posts__list wp-block-latest-posts\"><li><a class=\"wp-block-latest-posts__post-title\" href=\"http:\/\/jalmalv-estvar.fr\/?p=296\">Formation initiale<\/a><div class=\"wp-block-latest-posts__post-excerpt\">Nouvelle formation d\u00e9but\u00e9e en F\u00e9vrier pour 7 candidats \u00e0 l&rsquo;accompagnement avec de gauche \u00e0 droite : Beno\u00eet notre formateur , Katharina, Carole, Manon, R\u00e9gine, Eva, St\u00e9phane, Marie-Ange et Danielle notre pr\u00e9sidente.<\/div><\/li>\n<li><a class=\"wp-block-latest-posts__post-title\" href=\"http:\/\/jalmalv-estvar.fr\/?p=283\">Assembl\u00e9e G\u00e9n\u00e9rale du 7 F\u00e9vrier 2026<\/a><div class=\"wp-block-latest-posts__post-excerpt\">Nous \u00e9tions un peu moins nombreux que les ann\u00e9es pr\u00e9c\u00e9dentes, les maladies \u00e9tant la cause principale, mais plus de la moiti\u00e9 de nos adh\u00e9rents avaient fait le d\u00e9placement. La journ\u00e9e a \u00e9t\u00e9 riche en nouvelles avec en ligne de mire toujours le besoin de nouveaux b\u00e9n\u00e9voles car nous sommes de plus en plus sollicit\u00e9s. Encore un grand merci \u00e0 la mairie de Fr\u00e9jus qui met la salle de Madron \u00e0 notre disposition.<\/div><\/li>\n<li><a class=\"wp-block-latest-posts__post-title\" href=\"http:\/\/jalmalv-estvar.fr\/?p=255\">Roquebrune sur Argens Forum des Seniors avec la pr\u00e9sence de M.le maire Jean Cayron<\/a><div class=\"wp-block-latest-posts__post-excerpt\"><\/div><\/li>\n<li><a class=\"wp-block-latest-posts__post-title\" href=\"http:\/\/jalmalv-estvar.fr\/?p=213\">forum h\u00f4pital de Fr\u00e9jus<\/a><div class=\"wp-block-latest-posts__post-excerpt\">h\u00f4pital Bonnet Stand de Jalmalv<\/div><\/li>\n<li><a class=\"wp-block-latest-posts__post-title\" href=\"http:\/\/jalmalv-estvar.fr\/?p=203\">Polyclinique Notre Dame de Draguignan<\/a><div class=\"wp-block-latest-posts__post-excerpt\">Stand JALMALV \u00e0 la polyclinique Notre Dame de Draguignan le Vendredi 14 Mars<\/div><\/li>\n<\/ul>\n\n\n<h2 class=\"wp-block-heading has-text-align-center\"><strong>Comment pouvez-vous nous aider ?<\/strong><\/h2>\n\n\n\n<div style=\"padding: 20px; text-align: center;\">\n    <div style=\"max-width: 800px; margin: 0 auto; display: flex; flex-wrap: wrap; gap: 40px; justify-content: center;\">\n        \n        <!-- Colonne 1: \u00catre b\u00e9n\u00e9vole -->\n        <div style=\"flex: 1; min-width: 300px; max-width: 350px; background: white; padding: 40px 30px; border-radius: 10px; box-shadow: 0 5px 15px rgba(0,0,0,0.1);\">\n            <div style=\"font-size: 60px; color: #3AAF52; margin-bottom: 20px;\">\n                <i class=\"fas fa-hand-holding-heart\"><\/i>\n            <\/div>\n            <div style=\"font-size: 1.4em; font-weight: bold; color: #333; margin-bottom: 10px;\">\u00caTRE B\u00c9N\u00c9VOLE<\/div>\n            <div style=\"font-size: 1.2em; font-weight: bold; color: #666; margin-bottom: 20px;\">S&rsquo;INVESTIR<\/div>\n            <div style=\"width: 80%; height: 2px; background-color: #3AAF52; margin: 20px auto;\"><\/div>\n            <div style=\"color: #666; line-height: 1.6; margin-bottom: 15px; font-size: 0.95em;\">\n                En accompagnant les personnes fragilis\u00e9es par la maladie et la fin de vie.\n            <\/div>\n            <div style=\"width: 80%; height: 2px; background-color: #3AAF52; margin: 20px auto;\"><\/div>\n            <div style=\"color: #666; line-height: 1.6; margin-bottom: 15px; font-size: 0.95em;\">\n                En contribuant au fonctionnement de l&rsquo;association.\n            <\/div>\n            <a href=\"http:\/\/jalmalv-estvar.fr\/?page_id=16\" \n               style=\"background-color: #3AAF52; color: white; padding: 12px 25px; border: none; border-radius: 5px; text-decoration: none; font-weight: bold; font-size: 0.9em; display: inline-block; margin-top: 20px;\">\n                DEVENIR B\u00c9N\u00c9VOLE\n            <\/a>\n        <\/div>\n        \n        <!-- Colonne 2: Faire un don -->\n        <div style=\"flex: 1; min-width: 300px; max-width: 350px; background: white; padding: 40px 30px; border-radius: 10px; box-shadow: 0 5px 15px rgba(0,0,0,0.1);\">\n            <div style=\"font-size: 60px; color: #3AAF52; margin-bottom: 20px;\">\n                <i class=\"fas fa-euro-sign\"><\/i>\n            <\/div>\n            <div style=\"font-size: 1.4em; font-weight: bold; color: #333; margin-bottom: 10px;\">SOUTENIR NOTRE ACTION<\/div>\n            <div style=\"font-size: 1.2em; font-weight: bold; color: #666; margin-bottom: 20px;\">CONTRIBUER PAR UN DON<\/div>\n            <div style=\"width: 80%; height: 2px; background-color: #3AAF52; margin: 20px auto;\"><\/div>\n            <div style=\"color: #666; line-height: 1.6; margin-bottom: 15px; font-size: 0.95em;\">\n                \u00c0 la formation et \u00e0 l&rsquo;accompagnement des b\u00e9n\u00e9voles.\n            <\/div>\n            <div style=\"width: 80%; height: 2px; background-color: #3AAF52; margin: 20px auto;\"><\/div>\n            <div style=\"color: #666; line-height: 1.6; margin-bottom: 15px; font-size: 0.95em;\">\n                \u00c0 la r\u00e9alisation de nos missions.\n            <\/div>\n            <a href=\"http:\/\/jalmalv-estvar.fr\/?page_id=100\" \n               style=\"background-color: #3AAF52; color: white; padding: 12px 25px; border: none; border-radius: 5px; text-decoration: none; font-weight: bold; font-size: 0.9em; display: inline-block; margin-top: 20px;\">\n                FAIRE UN DON\n            <\/a>\n        <\/div>\n        \n    <\/div>\n<\/div>\n\n\n\n<p><\/p>\n","protected":false},"excerpt":{"rendered":"<p>NOTRE DOMAINE D&rsquo;ACTION JALMALV EST-VAR est une association loi de 1901, reconnue d&rsquo;utilit\u00e9 publique,&nbsp; cr\u00e9\u00e9e en 1991. Son but est l&rsquo;accompagnement, l\u00e0 o\u00f9 elles se trouvent, des personnes gravement malades , des personnes \u00e2g\u00e9es fragilis\u00e9es et celles en fin de vie ainsi que leurs proches, par des b\u00e9n\u00e9voles form\u00e9s \u00e0 la pr\u00e9sence et \u00e0 l\u2019\u00e9coute bienveillante. L&rsquo;association soutient aussi les personnes en deuil. Les b\u00e9n\u00e9voles interviennent \u00e0 la demande d\u2019une \u00e9quipe m\u00e9dicale dans le cadre d&rsquo;une convention \u00e9crite entre l&rsquo;\u00e9tablissement&#8230;<\/p>\n<p class=\"read-more\"><a class=\"btn btn-default\" href=\"http:\/\/jalmalv-estvar.fr\/\">Lire la suite<span class=\"screen-reader-text\"> Lire la suite<\/span><\/a><\/p>\n","protected":false},"author":1,"featured_media":0,"parent":0,"menu_order":0,"comment_status":"closed","ping_status":"closed","template":"","meta":{"footnotes":""},"class_list":["post-6","page","type-page","status-publish","hentry"],"_links":{"self":[{"href":"http:\/\/jalmalv-estvar.fr\/index.php?rest_route=\/wp\/v2\/pages\/6","targetHints":{"allow":["GET"]}}],"collection":[{"href":"http:\/\/jalmalv-estvar.fr\/index.php?rest_route=\/wp\/v2\/pages"}],"about":[{"href":"http:\/\/jalmalv-estvar.fr\/index.php?rest_route=\/wp\/v2\/types\/page"}],"author":[{"embeddable":true,"href":"http:\/\/jalmalv-estvar.fr\/index.php?rest_route=\/wp\/v2\/users\/1"}],"replies":[{"embeddable":true,"href":"http:\/\/jalmalv-estvar.fr\/index.php?rest_route=%2Fwp%2Fv2%2Fcomments&post=6"}],"version-history":[{"count":44,"href":"http:\/\/jalmalv-estvar.fr\/index.php?rest_route=\/wp\/v2\/pages\/6\/revisions"}],"predecessor-version":[{"id":314,"href":"http:\/\/jalmalv-estvar.fr\/index.php?rest_route=\/wp\/v2\/pages\/6\/revisions\/314"}],"wp:attachment":[{"href":"http:\/\/jalmalv-estvar.fr\/index.php?rest_route=%2Fwp%2Fv2%2Fmedia&parent=6"}],"curies":[{"name":"wp","href":"https:\/\/api.w.org\/{rel}","templated":true}]}}